{"id":1280,"date":"2026-08-30T14:23:49","date_gmt":"2026-08-30T12:23:49","guid":{"rendered":"https:\/\/muc2026.mensch-und-computer.de\/?page_id=1280"},"modified":"2026-08-30T16:27:27","modified_gmt":"2026-08-30T14:27:27","slug":"panels","status":"publish","type":"page","link":"https:\/\/muc2026.mensch-und-computer.de\/de\/program\/panels\/","title":{"rendered":"Panels"},"content":{"rendered":"<h1 class=\"wp-block-heading\"><span class=\"ez-toc-section\" id=\"Panels\"><\/span>Panels<span class=\"ez-toc-section-end\"><\/span><\/h1><div id=\"ez-toc-container\" class=\"ez-toc-v2_0_87 counter-hierarchy ez-toc-counter ez-toc-transparent ez-toc-container-direction\">\n<div class=\"ez-toc-title-container\">\n<p class=\"ez-toc-title\" style=\"cursor:inherit\">Inhaltsverzeichnis<\/p>\n<span class=\"ez-toc-title-toggle\"><a href=\"#\" class=\"ez-toc-pull-right ez-toc-btn ez-toc-btn-xs ez-toc-btn-default ez-toc-toggle\" aria-label=\"Toggle Table of Content\"><span class=\"ez-toc-js-icon-con\"><span class=\"\"><span class=\"eztoc-hide\" style=\"display:none;\">Toggle<\/span><span class=\"ez-toc-icon-toggle-span\"><svg style=\"fill: #999;color:#999\" xmlns=\"http:\/\/www.w3.org\/2000\/svg\" class=\"list-377408\" width=\"20px\" height=\"20px\" viewbox=\"0 0 24 24\" fill=\"none\"><path d=\"M6 6H4v2h2V6zm14 0H8v2h12V6zM4 11h2v2H4v-2zm16 0H8v2h12v-2zM4 16h2v2H4v-2zm16 0H8v2h12v-2z\" fill=\"currentColor\"><\/path><\/svg><svg style=\"fill: #999;color:#999\" class=\"arrow-unsorted-368013\" xmlns=\"http:\/\/www.w3.org\/2000\/svg\" width=\"10px\" height=\"10px\" viewbox=\"0 0 24 24\" version=\"1.2\" baseprofile=\"tiny\"><path d=\"M18.2 9.3l-6.2-6.3-6.2 6.3c-.2.2-.3.4-.3.7s.1.5.3.7c.2.2.4.3.7.3h11c.3 0 .5-.1.7-.3.2-.2.3-.5.3-.7s-.1-.5-.3-.7zM5.8 14.7l6.2 6.3 6.2-6.3c.2-.2.3-.5.3-.7s-.1-.5-.3-.7c-.2-.2-.4-.3-.7-.3h-11c-.3 0-.5.1-.7.3-.2.2-.3.5-.3.7s.1.5.3.7z\"\/><\/svg><\/span><\/span><\/span><\/a><\/span><\/div>\n<nav><ul class='ez-toc-list ez-toc-list-level-1 eztoc-toggle-hide-by-default' ><li class='ez-toc-page-1 ez-toc-heading-level-1'><a class=\"ez-toc-link ez-toc-heading-1\" href=\"https:\/\/muc2026.mensch-und-computer.de\/de\/program\/panels\/#Panels\" >Panels<\/a><ul class='ez-toc-list-level-2' ><li class='ez-toc-heading-level-2'><a class=\"ez-toc-link ez-toc-heading-2\" href=\"https:\/\/muc2026.mensch-und-computer.de\/de\/program\/panels\/#List_of_Panels\" >List of Panels<\/a><ul class='ez-toc-list-level-3' ><li class='ez-toc-heading-level-3'><a class=\"ez-toc-link ez-toc-heading-3\" href=\"https:\/\/muc2026.mensch-und-computer.de\/de\/program\/panels\/#Panel_1_NFDI%C3%97CS_Research_Data_Management_in_HCI\" >Panel 1: NFDI\u00d7CS: Research Data Management in HCI<\/a><\/li><li class='ez-toc-page-1 ez-toc-heading-level-3'><a class=\"ez-toc-link ez-toc-heading-4\" href=\"https:\/\/muc2026.mensch-und-computer.de\/de\/program\/panels\/#Panel_2_Jenseits_des_Medians_Was_UX_Professionals_unersetzlich_macht_wenn_KI_digitale_Produkte_baut\" >Panel 2: Jenseits des Medians: Was UX Professionals unersetzlich macht, wenn KI digitale Produkte baut<\/a><\/li><li class='ez-toc-page-1 ez-toc-heading-level-3'><a class=\"ez-toc-link ez-toc-heading-5\" href=\"https:\/\/muc2026.mensch-und-computer.de\/de\/program\/panels\/#Panel_3_Die_verschwundene_Einstiegsleiter_Wie_waechst_die_naechste_UX-Generation\" >Panel 3: Die verschwundene Einstiegsleiter: Wie w\u00e4chst die n\u00e4chste UX-Generation?<\/a><\/li><li class='ez-toc-page-1 ez-toc-heading-level-3'><a class=\"ez-toc-link ez-toc-heading-6\" href=\"https:\/\/muc2026.mensch-und-computer.de\/de\/program\/panels\/#Panel_4_Transforming_Interactions\" >Panel 4: Transforming Interactions<\/a><\/li><\/ul><\/li><\/ul><\/li><\/ul><\/nav><\/div>\n\n\n\n\n<figure class=\"wp-block-table table-new\"><table><thead><tr><th>Titel<\/th><th class=\"has-text-align-left\" data-align=\"left\">Day, local time<\/th><th>Room<\/th><th>Pannel Chair<\/th><\/tr><\/thead><tbody><tr><td>Panel 1: NFDI\u00d7CS &#8211; Research Data Management in HCI<\/td><td class=\"has-text-align-left\" data-align=\"left\"><strong>MONDAY<\/strong><br>4PM &#8211; 5pm<\/td><td>LX1203<\/td><td>Stefan Schneega\u00df<\/td><\/tr><tr><td>Panel 2: Jenseits des Medians<\/td><td class=\"has-text-align-left\" data-align=\"left\"><strong>MONDAY<\/strong><br>5PM &#8211; 5:30PM<\/td><td>LB0104<\/td><td>Andreas Hinderks<\/td><\/tr><tr><td>Panel 3: Die verschwundene Einstiegsleiter<\/td><td class=\"has-text-align-left\" data-align=\"left\"><strong>WEDNESDAY<\/strong><br>10AM &#8211; 10:30AM<\/td><td>LB0131<\/td><td>Dominique Winter<\/td><\/tr><tr><td>Panel 4: Transforming Interactions<\/td><td class=\"has-text-align-left\" data-align=\"left\"><strong>WEDNESDAY<\/strong><br>11AM &#8211; 12AM<\/td><td>LX1205<\/td><td>Fiona Draxler,<br>Dominique Winter<\/td><\/tr><\/tbody><\/table><\/figure>\n\n\n\n<h2 class=\"wp-block-heading\"><span class=\"ez-toc-section\" id=\"List_of_Panels\"><\/span>List of Panels<span class=\"ez-toc-section-end\"><\/span><\/h2>\n\n\n\n<h3 class=\"wp-block-heading has-medium-font-size\" style=\"margin-top:var(--wp--preset--spacing--50);margin-bottom:var(--wp--preset--spacing--20)\"><span class=\"ez-toc-section\" id=\"Panel_1_NFDI%C3%97CS_Research_Data_Management_in_HCI\"><\/span>Panel 1: <strong>NFDI\u00d7CS: Research Data Management in HCI<\/strong><span class=\"ez-toc-section-end\"><\/span><\/h3>\n\n\n\n<p class=\"highlight-box wp-block-paragraph\"><strong>Day:<\/strong> Monday, 31.08.2026<br><strong>Time:<\/strong> 04:00 pm &#8211; 05:00 pm<br><strong>Room:<\/strong> LX1203<br><strong>Panel Chair:<\/strong> Stefan Schneega\u00df<\/p>\n\n\n\n<p class=\"wp-block-paragraph\">Teilnehmende: Albrecht Schmidt <em>LMU<\/em>, Michael Goedicke <em>UDE<\/em>, Julia Seebode <em>vdivde<\/em><\/p>\n\n\n\n<h3 class=\"wp-block-heading has-medium-font-size\" style=\"margin-top:var(--wp--preset--spacing--50);margin-bottom:var(--wp--preset--spacing--20)\"><span class=\"ez-toc-section\" id=\"Panel_2_Jenseits_des_Medians_Was_UX_Professionals_unersetzlich_macht_wenn_KI_digitale_Produkte_baut\"><\/span>Panel 2: <strong>Jenseits des Medians: Was UX Professionals unersetzlich macht, wenn KI digitale Produkte baut<\/strong><span class=\"ez-toc-section-end\"><\/span><\/h3>\n\n\n\n<p class=\"highlight-box wp-block-paragraph\"><strong>Day:<\/strong> Monday, 31.08.2026<br><strong>Time:<\/strong>  05:00 pm &#8211; 05:30 pm<br><strong>Room:<\/strong> LB0104<br><strong>Panel Chair:<\/strong> Andreas Hinderks<\/p>\n\n\n\n<p class=\"wp-block-paragraph\">KI-Systeme entwerfen User Interfaces, synthetisieren Research-Daten und generieren funktionsf\u00e4hige Produkte in Stunden statt Wochen. Wenn digitale Produkte immer schneller und besser entstehen, was bleibt dann als Kern f\u00fcr die UX-Professionals \u00fcbrig?<br>Die Forschung zeichnet ein ambivalentes Bild: Generative KI steigert die individuelle Leistung, optimiert aber auf den Median, nicht auf das \u00dcberraschende. Gleichzeitig verschiebt sich UX-Arbeit von der Ausf\u00fchrung hin zu Verifikation, Kuration und Steuerung.<br>In diesem Panel diskutieren wir mit G\u00e4sten aus Praxis und Forschung, wie sich UX-Professionals zukunftsf\u00e4hig aufstellen: Welche Kompetenzen tragen, wenn Prototyping und Analyse zur Commodity werden? Ist &#8220;das Menschliche&#8221; ein tragf\u00e4higes Alleinstellungsmerkmal oder ein R\u00fcckzugsgefecht? Und wie verhindern wir, dass eine Branche, die schneller produziert, am Ende einheitlicher denkt?<\/p>\n\n\n\n<h3 class=\"wp-block-heading has-medium-font-size\" style=\"margin-top:var(--wp--preset--spacing--50);margin-bottom:var(--wp--preset--spacing--20)\"><span class=\"ez-toc-section\" id=\"Panel_3_Die_verschwundene_Einstiegsleiter_Wie_waechst_die_naechste_UX-Generation\"><\/span>Panel 3: <strong>Die verschwundene Einstiegsleiter: Wie w\u00e4chst die n\u00e4chste UX-Generation?<\/strong><span class=\"ez-toc-section-end\"><\/span><\/h3>\n\n\n\n<p class=\"highlight-box wp-block-paragraph\"><strong>Day:<\/strong> Wednesday, 02.09.2026<br><strong>Time:<\/strong> 10:00 am &#8211; 10:30 am<br><strong>Room:<\/strong> LB0131<br><strong>Panel Chair:<\/strong> Dominique Winter<\/p>\n\n\n\n<p class=\"wp-block-paragraph\">Der Weg vom Junior zum Senior war lange vergleichsweise klar. Mitmachen, Routine aufbauen, Verantwortung \u00fcbernehmen und Schritt f\u00fcr Schritt aus Erfahrung lernen. Doch genau diese Einstiegsleiter ver\u00e4ndert sich. Einfache und klar umrissene Aufgaben werden zunehmend automatisiert, ausgelagert oder effizienter erledigt. Gleichzeitig erwarten Organisationen schon von Berufseinsteiger immer mehr Eigenst\u00e4ndigkeit, Urteilskraft und strategisches Denken.<\/p>\n\n\n\n<p class=\"wp-block-paragraph\">Was bedeutet das f\u00fcr die Entwicklung der n\u00e4chsten Generation von UX Professionals? Wo k\u00f6nnen Juniors k\u00fcnftig die Erfahrungen sammeln, aus denen echte Expertise entsteht? Und welche Verantwortung tragen Teams, F\u00fchrungskr\u00e4fte, Hochschulen und die UX-Community?<br>In dieser Paneldiskussion wollen wir diskutieren, wie sich Lernwege und Karrierepfade im UX ver\u00e4ndern und was wir heute tun m\u00fcssen, damit es auch morgen noch gute Seniors gibt.<\/p>\n\n\n\n<h3 class=\"wp-block-heading has-medium-font-size\" style=\"margin-top:var(--wp--preset--spacing--50);margin-bottom:var(--wp--preset--spacing--20)\"><span class=\"ez-toc-section\" id=\"Panel_4_Transforming_Interactions\"><\/span>Panel 4: <strong>Transforming Interactions<\/strong><span class=\"ez-toc-section-end\"><\/span><\/h3>\n\n\n\n<p class=\"highlight-box wp-block-paragraph\"><strong>Day:<\/strong> Wednesday, 02.09.2026<br><strong>Time:<\/strong> 11:00 am &#8211; 12:00 am<br><strong>Room:<\/strong> LX1203<br><strong>Panel Chair:<\/strong> Fiona Draxler, Dominique Winter<\/p>\n\n\n\n<p class=\"wp-block-paragraph\">UX sees itself as an evidence-based profession. Yet few practitioners regularly engage with academic publications, and many research findings have little impact on day-to-day product development. At the same time, companies generate insights, data, and questions that could be highly relevant to research, but rarely find their way back into academia.<br>This creates a paradoxical situation. Research and practice are concerned with the same people, technologies, and products, yet they often evolve largely separately from one another.<br>The gap is not only about knowledge, but also about people and careers. UX professionals move from academia into industry, return to research later in their careers, or try to build paths that span both worlds. These transitions can create valuable perspectives, but they are not always easy or equally accessible in both directions.<br>In this panel, we discuss how research and practice can become more closely connected. Which forms of collaboration actually work? How can academic knowledge become more accessible and useful to practitioners? How can questions from industry inspire relevant research? And what does it take to create career paths that allow people to move between, or even remain part of, both academia and industry?<\/p>","protected":false},"excerpt":{"rendered":"<p>Panels Titel Day, local time Room Pannel Chair Panel 1: NFDI\u00d7CS &#8211; Research Data Management in HCI MONDAY4PM &#8211; 5pm LX1203 Stefan [&hellip;]<\/p>\n","protected":false},"author":8,"featured_media":0,"parent":815,"menu_order":0,"comment_status":"closed","ping_status":"closed","template":"","meta":{"footnotes":""},"class_list":["post-1280","page","type-page","status-publish","hentry"],"yoast_head":"<!-- This site is optimized with the Yoast SEO plugin v28.4 - https:\/\/yoast.com\/product\/yoast-seo-wordpress\/ -->\n<title>Panels - Mensch und Computer 2026<\/title>\n<meta name=\"robots\" content=\"index, follow, max-snippet:-1, max-image-preview:large, max-video-preview:-1\" \/>\n<link rel=\"canonical\" href=\"https:\/\/muc2026.mensch-und-computer.de\/de\/program\/panels\/\" \/>\n<meta property=\"og:locale\" content=\"de_DE\" \/>\n<meta property=\"og:type\" content=\"article\" \/>\n<meta property=\"og:title\" content=\"Panels - Mensch und Computer 2026\" \/>\n<meta property=\"og:description\" content=\"Panels Titel Day, local time Room Pannel Chair Panel 1: NFDI\u00d7CS &#8211; Research Data Management in HCI MONDAY4PM &#8211; 5pm LX1203 Stefan [&hellip;]\" \/>\n<meta property=\"og:url\" content=\"https:\/\/muc2026.mensch-und-computer.de\/de\/program\/panels\/\" \/>\n<meta property=\"og:site_name\" content=\"Mensch und Computer 2026\" \/>\n<meta property=\"article:publisher\" content=\"https:\/\/www.facebook.com\/menschundcomputer\/\" \/>\n<meta property=\"article:modified_time\" content=\"2026-08-30T14:27:27+00:00\" \/>\n<meta property=\"og:image\" content=\"https:\/\/muc2026.mensch-und-computer.de\/wp-content\/uploads\/2026\/02\/Yoast_alt-1024x576.png\" \/>\n\t<meta property=\"og:image:width\" content=\"1024\" \/>\n\t<meta property=\"og:image:height\" content=\"576\" \/>\n\t<meta property=\"og:image:type\" content=\"image\/png\" \/>\n<meta name=\"twitter:card\" content=\"summary_large_image\" \/>\n<meta name=\"twitter:site\" content=\"@mucConf\" \/>\n<meta name=\"twitter:label1\" content=\"Gesch\u00e4tzte Lesezeit\" \/>\n\t<meta name=\"twitter:data1\" content=\"3\u00a0Minuten\" \/>\n<script type=\"application\/ld+json\" class=\"yoast-schema-graph\">{\"@context\":\"https:\\\/\\\/schema.org\",\"@graph\":[{\"@type\":\"WebPage\",\"@id\":\"https:\\\/\\\/muc2026.mensch-und-computer.de\\\/program\\\/panels\\\/\",\"url\":\"https:\\\/\\\/muc2026.mensch-und-computer.de\\\/program\\\/panels\\\/\",\"name\":\"Panels - Mensch und Computer 2026\",\"isPartOf\":{\"@id\":\"https:\\\/\\\/muc2026.mensch-und-computer.de\\\/#website\"},\"datePublished\":\"2026-08-30T12:23:49+00:00\",\"dateModified\":\"2026-08-30T14:27:27+00:00\",\"breadcrumb\":{\"@id\":\"https:\\\/\\\/muc2026.mensch-und-computer.de\\\/program\\\/panels\\\/#breadcrumb\"},\"inLanguage\":\"de\",\"potentialAction\":[{\"@type\":\"ReadAction\",\"target\":[\"https:\\\/\\\/muc2026.mensch-und-computer.de\\\/program\\\/panels\\\/\"]}]},{\"@type\":\"BreadcrumbList\",\"@id\":\"https:\\\/\\\/muc2026.mensch-und-computer.de\\\/program\\\/panels\\\/#breadcrumb\",\"itemListElement\":[{\"@type\":\"ListItem\",\"position\":1,\"name\":\"Home\",\"item\":\"https:\\\/\\\/muc2026.mensch-und-computer.de\\\/\"},{\"@type\":\"ListItem\",\"position\":2,\"name\":\"Program\",\"item\":\"https:\\\/\\\/muc2026.mensch-und-computer.de\\\/program\\\/\"},{\"@type\":\"ListItem\",\"position\":3,\"name\":\"Panels\"}]},{\"@type\":\"WebSite\",\"@id\":\"https:\\\/\\\/muc2026.mensch-und-computer.de\\\/#website\",\"url\":\"https:\\\/\\\/muc2026.mensch-und-computer.de\\\/\",\"name\":\"Mensch und Computer 2026\",\"description\":\"Mensch und Computer Conference - 30. Aug - 2. Sept 2026, Duisburg\",\"publisher\":{\"@id\":\"https:\\\/\\\/muc2026.mensch-und-computer.de\\\/#organization\"},\"alternateName\":\"MuC 2026\",\"potentialAction\":[{\"@type\":\"SearchAction\",\"target\":{\"@type\":\"EntryPoint\",\"urlTemplate\":\"https:\\\/\\\/muc2026.mensch-und-computer.de\\\/?s={search_term_string}\"},\"query-input\":{\"@type\":\"PropertyValueSpecification\",\"valueRequired\":true,\"valueName\":\"search_term_string\"}}],\"inLanguage\":\"de\"},{\"@type\":\"Organization\",\"@id\":\"https:\\\/\\\/muc2026.mensch-und-computer.de\\\/#organization\",\"name\":\"Mensch und Computer 2026\",\"url\":\"https:\\\/\\\/muc2026.mensch-und-computer.de\\\/\",\"logo\":{\"@type\":\"ImageObject\",\"inLanguage\":\"de\",\"@id\":\"https:\\\/\\\/muc2026.mensch-und-computer.de\\\/#\\\/schema\\\/logo\\\/image\\\/\",\"url\":\"https:\\\/\\\/muc2026.mensch-und-computer.de\\\/wp-content\\\/uploads\\\/2025\\\/08\\\/favicon-muc.png\",\"contentUrl\":\"https:\\\/\\\/muc2026.mensch-und-computer.de\\\/wp-content\\\/uploads\\\/2025\\\/08\\\/favicon-muc.png\",\"width\":512,\"height\":512,\"caption\":\"Mensch und Computer 2026\"},\"image\":{\"@id\":\"https:\\\/\\\/muc2026.mensch-und-computer.de\\\/#\\\/schema\\\/logo\\\/image\\\/\"},\"sameAs\":[\"https:\\\/\\\/www.facebook.com\\\/menschundcomputer\\\/\",\"https:\\\/\\\/x.com\\\/mucConf\",\"https:\\\/\\\/www.linkedin.com\\\/company\\\/mensch-und-computer\",\"https:\\\/\\\/www.instagram.com\\\/mucconf\\\/\",\"https:\\\/\\\/hci.social\\\/@mucConf@hci.social\",\"https:\\\/\\\/bsky.app\\\/profile\\\/mucconf.bsky.social\"]}]}<\/script>\n<!-- \/ Yoast SEO plugin. -->","yoast_head_json":{"title":"Panels - Mensch und Computer 2026","robots":{"index":"index","follow":"follow","max-snippet":"max-snippet:-1","max-image-preview":"max-image-preview:large","max-video-preview":"max-video-preview:-1"},"canonical":"https:\/\/muc2026.mensch-und-computer.de\/de\/program\/panels\/","og_locale":"de_DE","og_type":"article","og_title":"Panels - Mensch und Computer 2026","og_description":"Panels Titel Day, local time Room Pannel Chair Panel 1: NFDI\u00d7CS &#8211; Research Data Management in HCI MONDAY4PM &#8211; 5pm LX1203 Stefan [&hellip;]","og_url":"https:\/\/muc2026.mensch-und-computer.de\/de\/program\/panels\/","og_site_name":"Mensch und Computer 2026","article_publisher":"https:\/\/www.facebook.com\/menschundcomputer\/","article_modified_time":"2026-08-30T14:27:27+00:00","og_image":[{"width":1024,"height":576,"url":"https:\/\/muc2026.mensch-und-computer.de\/wp-content\/uploads\/2026\/02\/Yoast_alt-1024x576.png","type":"image\/png"}],"twitter_card":"summary_large_image","twitter_site":"@mucConf","twitter_misc":{"Gesch\u00e4tzte Lesezeit":"3\u00a0Minuten"},"schema":{"@context":"https:\/\/schema.org","@graph":[{"@type":"WebPage","@id":"https:\/\/muc2026.mensch-und-computer.de\/program\/panels\/","url":"https:\/\/muc2026.mensch-und-computer.de\/program\/panels\/","name":"Panels - Mensch und Computer 2026","isPartOf":{"@id":"https:\/\/muc2026.mensch-und-computer.de\/#website"},"datePublished":"2026-08-30T12:23:49+00:00","dateModified":"2026-08-30T14:27:27+00:00","breadcrumb":{"@id":"https:\/\/muc2026.mensch-und-computer.de\/program\/panels\/#breadcrumb"},"inLanguage":"de","potentialAction":[{"@type":"ReadAction","target":["https:\/\/muc2026.mensch-und-computer.de\/program\/panels\/"]}]},{"@type":"BreadcrumbList","@id":"https:\/\/muc2026.mensch-und-computer.de\/program\/panels\/#breadcrumb","itemListElement":[{"@type":"ListItem","position":1,"name":"Home","item":"https:\/\/muc2026.mensch-und-computer.de\/"},{"@type":"ListItem","position":2,"name":"Program","item":"https:\/\/muc2026.mensch-und-computer.de\/program\/"},{"@type":"ListItem","position":3,"name":"Panels"}]},{"@type":"WebSite","@id":"https:\/\/muc2026.mensch-und-computer.de\/#website","url":"https:\/\/muc2026.mensch-und-computer.de\/","name":"Mensch und Computer 2026","description":"Mensch und Computer Conference - 30. Aug - 2. Sept 2026, Duisburg","publisher":{"@id":"https:\/\/muc2026.mensch-und-computer.de\/#organization"},"alternateName":"MuC 2026","potentialAction":[{"@type":"SearchAction","target":{"@type":"EntryPoint","urlTemplate":"https:\/\/muc2026.mensch-und-computer.de\/?s={search_term_string}"},"query-input":{"@type":"PropertyValueSpecification","valueRequired":true,"valueName":"search_term_string"}}],"inLanguage":"de"},{"@type":"Organization","@id":"https:\/\/muc2026.mensch-und-computer.de\/#organization","name":"Mensch und Computer 2026","url":"https:\/\/muc2026.mensch-und-computer.de\/","logo":{"@type":"ImageObject","inLanguage":"de","@id":"https:\/\/muc2026.mensch-und-computer.de\/#\/schema\/logo\/image\/","url":"https:\/\/muc2026.mensch-und-computer.de\/wp-content\/uploads\/2025\/08\/favicon-muc.png","contentUrl":"https:\/\/muc2026.mensch-und-computer.de\/wp-content\/uploads\/2025\/08\/favicon-muc.png","width":512,"height":512,"caption":"Mensch und Computer 2026"},"image":{"@id":"https:\/\/muc2026.mensch-und-computer.de\/#\/schema\/logo\/image\/"},"sameAs":["https:\/\/www.facebook.com\/menschundcomputer\/","https:\/\/x.com\/mucConf","https:\/\/www.linkedin.com\/company\/mensch-und-computer","https:\/\/www.instagram.com\/mucconf\/","https:\/\/hci.social\/@mucConf@hci.social","https:\/\/bsky.app\/profile\/mucconf.bsky.social"]}]}},"_links":{"self":[{"href":"https:\/\/muc2026.mensch-und-computer.de\/de\/wp-json\/wp\/v2\/pages\/1280","targetHints":{"allow":["GET"]}}],"collection":[{"href":"https:\/\/muc2026.mensch-und-computer.de\/de\/wp-json\/wp\/v2\/pages"}],"about":[{"href":"https:\/\/muc2026.mensch-und-computer.de\/de\/wp-json\/wp\/v2\/types\/page"}],"author":[{"embeddable":true,"href":"https:\/\/muc2026.mensch-und-computer.de\/de\/wp-json\/wp\/v2\/users\/8"}],"replies":[{"embeddable":true,"href":"https:\/\/muc2026.mensch-und-computer.de\/de\/wp-json\/wp\/v2\/comments?post=1280"}],"version-history":[{"count":5,"href":"https:\/\/muc2026.mensch-und-computer.de\/de\/wp-json\/wp\/v2\/pages\/1280\/revisions"}],"predecessor-version":[{"id":1312,"href":"https:\/\/muc2026.mensch-und-computer.de\/de\/wp-json\/wp\/v2\/pages\/1280\/revisions\/1312"}],"up":[{"embeddable":true,"href":"https:\/\/muc2026.mensch-und-computer.de\/de\/wp-json\/wp\/v2\/pages\/815"}],"wp:attachment":[{"href":"https:\/\/muc2026.mensch-und-computer.de\/de\/wp-json\/wp\/v2\/media?parent=1280"}],"curies":[{"name":"wp","href":"https:\/\/api.w.org\/{rel}","templated":true}]}}